{"id":931,"date":"2024-11-07T13:47:05","date_gmt":"2024-11-07T13:47:05","guid":{"rendered":"https:\/\/startersites.io\/elementor\/furniture\/?page_id=931"},"modified":"2026-03-27T10:12:45","modified_gmt":"2026-03-27T08:12:45","slug":"accueil","status":"publish","type":"page","link":"https:\/\/booking.explore.brussels\/nl\/","title":{"rendered":"Home"},"content":{"rendered":"<div data-elementor-type=\"wp-page\" data-elementor-id=\"931\" class=\"elementor elementor-931\" data-elementor-post-type=\"page\">\n\t\t\t\t<div class=\"elementor-element elementor-element-16a6b5a e-flex e-con-boxed e-con e-parent\" data-id=\"16a6b5a\" data-element_type=\"container\" data-e-type=\"container\">\n\t\t\t\t\t<div class=\"e-con-inner\">\n\t\t<div class=\"elementor-element elementor-element-62a866c ct-hero e-flex e-con-boxed e-con e-child\" data-id=\"62a866c\" data-element_type=\"container\" data-e-type=\"container\" data-settings=\"{&quot;background_background&quot;:&quot;classic&quot;}\">\n\t\t\t\t\t<div class=\"e-con-inner\">\n\t\t\t\t<div class=\"elementor-element elementor-element-b988174 elementor-widget elementor-widget-heading\" data-id=\"b988174\" data-element_type=\"widget\" data-e-type=\"widget\" data-widget_type=\"heading.default\">\n\t\t\t\t\t<h2 class=\"elementor-heading-title elementor-size-default\">Welkom op de boekingssite van Explore.Brussels<\/h2>\t\t\t\t<\/div>\n\t\t\t\t\t<\/div>\n\t\t\t\t<\/div>\n\t\t\t\t\t<\/div>\n\t\t\t\t<\/div>\n\t\t<div class=\"elementor-element elementor-element-b3c5e35 e-flex e-con-boxed e-con e-parent\" data-id=\"b3c5e35\" data-element_type=\"container\" data-e-type=\"container\">\n\t\t\t\t\t<div class=\"e-con-inner\">\n\t\t<div class=\"elementor-element elementor-element-c1bf6b5 e-con-full elementor-hidden-desktop elementor-hidden-tablet elementor-hidden-mobile e-flex e-con e-child\" data-id=\"c1bf6b5\" data-element_type=\"container\" data-e-type=\"container\">\n\t\t\t\t<div class=\"elementor-element elementor-element-5b1077d elementor-widget elementor-widget-image\" data-id=\"5b1077d\" data-element_type=\"widget\" data-e-type=\"widget\" data-widget_type=\"image.default\">\n\t\t\t\t\t\t\t\t\t\t\t\t\t\t\t<img fetchpriority=\"high\" decoding=\"async\" width=\"1024\" height=\"683\" src=\"https:\/\/booking.explore.brussels\/wp-content\/uploads\/2026\/01\/maison-de-le-court_copyright-eb-endre-sebok-1-1024x683.jpg\" class=\"attachment-large size-large wp-image-6724\" alt=\"maison-de-le-court_copyright-eb-endre-sebok (1)\" srcset=\"https:\/\/booking.explore.brussels\/wp-content\/uploads\/2026\/01\/maison-de-le-court_copyright-eb-endre-sebok-1-1024x683.jpg 1024w, https:\/\/booking.explore.brussels\/wp-content\/uploads\/2026\/01\/maison-de-le-court_copyright-eb-endre-sebok-1-300x200.jpg 300w, https:\/\/booking.explore.brussels\/wp-content\/uploads\/2026\/01\/maison-de-le-court_copyright-eb-endre-sebok-1-768x512.jpg 768w, https:\/\/booking.explore.brussels\/wp-content\/uploads\/2026\/01\/maison-de-le-court_copyright-eb-endre-sebok-1-1536x1024.jpg 1536w, https:\/\/booking.explore.brussels\/wp-content\/uploads\/2026\/01\/maison-de-le-court_copyright-eb-endre-sebok-1-18x12.jpg 18w, https:\/\/booking.explore.brussels\/wp-content\/uploads\/2026\/01\/maison-de-le-court_copyright-eb-endre-sebok-1-500x333.jpg 500w, https:\/\/booking.explore.brussels\/wp-content\/uploads\/2026\/01\/maison-de-le-court_copyright-eb-endre-sebok-1-800x533.jpg 800w, https:\/\/booking.explore.brussels\/wp-content\/uploads\/2026\/01\/maison-de-le-court_copyright-eb-endre-sebok-1.jpg 1920w\" sizes=\"(max-width: 1024px) 100vw, 1024px\" title=\"\">\t\t\t\t\t\t\t\t\t\t\t\t\t\t\t<\/div>\n\t\t<div class=\"elementor-element elementor-element-b9552c4 e-con-full e-flex e-con e-child\" data-id=\"b9552c4\" data-element_type=\"container\" data-e-type=\"container\" data-settings=\"{&quot;background_background&quot;:&quot;classic&quot;,&quot;position&quot;:&quot;absolute&quot;}\">\n\t\t\t\t<div class=\"elementor-element elementor-element-1338081 elementor-align-center elementor-widget elementor-widget-button\" data-id=\"1338081\" data-element_type=\"widget\" data-e-type=\"widget\" data-widget_type=\"button.default\">\n\t\t\t\t\t\t\t\t\t\t<a class=\"elementor-button elementor-button-link elementor-size-sm\" href=\"https:\/\/docs.google.com\/spreadsheets\/d\/1PHyJqzeYt5tLfshAoxOPS_K21TDYGUQHNbJa0eK6JG0\/edit?usp=sharing\" target=\"_blank\" rel=\"noopener\">\n\t\t\t\t\t\t<span class=\"elementor-button-content-wrapper\">\n\t\t\t\t\t\t\t\t\t<span class=\"elementor-button-text\">Meer info<\/span>\n\t\t\t\t\t<\/span>\n\t\t\t\t\t<\/a>\n\t\t\t\t\t\t\t\t<\/div>\n\t\t\t\t<div class=\"elementor-element elementor-element-edaa8e3 elementor-widget elementor-widget-spacer\" data-id=\"edaa8e3\" data-element_type=\"widget\" data-e-type=\"widget\" data-widget_type=\"spacer.default\">\n\t\t\t\t\t\t\t<div class=\"elementor-spacer\">\n\t\t\t<div class=\"elementor-spacer-inner\"><\/div>\n\t\t<\/div>\n\t\t\t\t\t\t<\/div>\n\t\t\t\t<div class=\"elementor-element elementor-element-0da9e96 elementor-widget elementor-widget-text-editor\" data-id=\"0da9e96\" data-element_type=\"widget\" data-e-type=\"widget\" data-widget_type=\"text-editor.default\">\n\t\t\t\t\t\t\t\t\t<p>De link hierboven geeft de slots met beschikbare plaatsen aan<\/p>\t\t\t\t\t\t\t\t<\/div>\n\t\t\t\t<\/div>\n\t\t\t\t<\/div>\n\t\t<div class=\"elementor-element elementor-element-244e3e7 e-con-full e-flex e-con e-child\" data-id=\"244e3e7\" data-element_type=\"container\" data-e-type=\"container\">\n\t\t\t\t<div class=\"elementor-element elementor-element-b45a815 elementor-widget elementor-widget-image\" data-id=\"b45a815\" data-element_type=\"widget\" data-e-type=\"widget\" data-widget_type=\"image.default\">\n\t\t\t\t\t\t\t\t\t\t\t\t\t\t\t<img decoding=\"async\" width=\"1024\" height=\"683\" src=\"https:\/\/booking.explore.brussels\/wp-content\/uploads\/2026\/03\/maison-de-le-court_copyright-eb-endre-sebok-1-2-1024x683.jpg\" class=\"attachment-large size-large wp-image-11705\" alt=\"maison-de-le-court_copyright-eb-endre-sebok-1-2\" srcset=\"https:\/\/booking.explore.brussels\/wp-content\/uploads\/2026\/03\/maison-de-le-court_copyright-eb-endre-sebok-1-2-1024x683.jpg 1024w, https:\/\/booking.explore.brussels\/wp-content\/uploads\/2026\/03\/maison-de-le-court_copyright-eb-endre-sebok-1-2-300x200.jpg 300w, https:\/\/booking.explore.brussels\/wp-content\/uploads\/2026\/03\/maison-de-le-court_copyright-eb-endre-sebok-1-2-768x512.jpg 768w, https:\/\/booking.explore.brussels\/wp-content\/uploads\/2026\/03\/maison-de-le-court_copyright-eb-endre-sebok-1-2-1536x1024.jpg 1536w, https:\/\/booking.explore.brussels\/wp-content\/uploads\/2026\/03\/maison-de-le-court_copyright-eb-endre-sebok-1-2-18x12.jpg 18w, https:\/\/booking.explore.brussels\/wp-content\/uploads\/2026\/03\/maison-de-le-court_copyright-eb-endre-sebok-1-2-500x333.jpg 500w, https:\/\/booking.explore.brussels\/wp-content\/uploads\/2026\/03\/maison-de-le-court_copyright-eb-endre-sebok-1-2-800x533.jpg 800w, https:\/\/booking.explore.brussels\/wp-content\/uploads\/2026\/03\/maison-de-le-court_copyright-eb-endre-sebok-1-2-rotated.jpg 1920w\" sizes=\"(max-width: 1024px) 100vw, 1024px\" title=\"\">\t\t\t\t\t\t\t\t\t\t\t\t\t\t\t<\/div>\n\t\t<div class=\"elementor-element elementor-element-5fb2346 e-con-full e-flex e-con e-child\" data-id=\"5fb2346\" data-element_type=\"container\" data-e-type=\"container\" data-settings=\"{&quot;background_background&quot;:&quot;classic&quot;,&quot;position&quot;:&quot;absolute&quot;}\">\n\t\t\t\t<div class=\"elementor-element elementor-element-fc1f57e elementor-align-center elementor-widget elementor-widget-button\" data-id=\"fc1f57e\" data-element_type=\"widget\" data-e-type=\"widget\" data-widget_type=\"button.default\">\n\t\t\t\t\t\t\t\t\t\t<a class=\"elementor-button elementor-button-link elementor-size-sm\" href=\"https:\/\/docs.google.com\/spreadsheets\/d\/18tKxo0yIyXAqooVn5sQujejk8b6cHU3r6d8bX8AuZX0\/edit?usp=sharing\" target=\"_blank\" rel=\"noopener\">\n\t\t\t\t\t\t<span class=\"elementor-button-content-wrapper\">\n\t\t\t\t\t\t\t\t\t<span class=\"elementor-button-text\">Meer info<\/span>\n\t\t\t\t\t<\/span>\n\t\t\t\t\t<\/a>\n\t\t\t\t\t\t\t\t<\/div>\n\t\t\t\t<div class=\"elementor-element elementor-element-f9d22d4 elementor-widget elementor-widget-spacer\" data-id=\"f9d22d4\" data-element_type=\"widget\" data-e-type=\"widget\" data-widget_type=\"spacer.default\">\n\t\t\t\t\t\t\t<div class=\"elementor-spacer\">\n\t\t\t<div class=\"elementor-spacer-inner\"><\/div>\n\t\t<\/div>\n\t\t\t\t\t\t<\/div>\n\t\t\t\t<div class=\"elementor-element elementor-element-e0188a4 elementor-widget elementor-widget-text-editor\" data-id=\"e0188a4\" data-element_type=\"widget\" data-e-type=\"widget\" data-widget_type=\"text-editor.default\">\n\t\t\t\t\t\t\t\t\t<p>De link hierboven toont de beschikbare plaatsen voor het 2e en 3e weekend.<\/p>\t\t\t\t\t\t\t\t<\/div>\n\t\t\t\t<\/div>\n\t\t\t\t<\/div>\n\t\t\t\t\t<\/div>\n\t\t\t\t<\/div>\n\t\t<div class=\"elementor-element elementor-element-4a249b6 e-flex e-con-boxed e-con e-parent\" data-id=\"4a249b6\" data-element_type=\"container\" data-e-type=\"container\">\n\t\t\t\t\t<div class=\"e-con-inner\">\n\t\t\t\t<div class=\"elementor-element elementor-element-1e9da42 elementor-widget elementor-widget-spacer\" data-id=\"1e9da42\" data-element_type=\"widget\" data-e-type=\"widget\" data-widget_type=\"spacer.default\">\n\t\t\t\t\t\t\t<div class=\"elementor-spacer\">\n\t\t\t<div class=\"elementor-spacer-inner\"><\/div>\n\t\t<\/div>\n\t\t\t\t\t\t<\/div>\n\t\t\t\t\t<\/div>\n\t\t\t\t<\/div>\n\t\t<div class=\"elementor-element elementor-element-58c0b80 e-flex e-con-boxed e-con e-parent\" data-id=\"58c0b80\" data-element_type=\"container\" data-e-type=\"container\" data-settings=\"{&quot;background_background&quot;:&quot;classic&quot;}\">\n\t\t\t\t\t<div class=\"e-con-inner\">\n\t\t\t\t<div class=\"elementor-element elementor-element-8094dba elementor-widget elementor-widget-spacer\" data-id=\"8094dba\" data-element_type=\"widget\" data-e-type=\"widget\" data-widget_type=\"spacer.default\">\n\t\t\t\t\t\t\t<div class=\"elementor-spacer\">\n\t\t\t<div class=\"elementor-spacer-inner\"><\/div>\n\t\t<\/div>\n\t\t\t\t\t\t<\/div>\n\t\t\t\t<div class=\"elementor-element elementor-element-0beca9f elementor-widget__width-initial elementor-widget elementor-widget-heading\" data-id=\"0beca9f\" data-element_type=\"widget\" data-e-type=\"widget\" data-no-translation=\"\" data-widget_type=\"heading.default\">\n\t\t\t\t\t<style>.elementor-element-0beca9f{display:none !important}<\/style>\t\t\t\t<\/div>\n\t\t\t\t<div class=\"elementor-element elementor-element-8af6909 elementor-widget__width-initial elementor-widget elementor-widget-heading\" data-id=\"8af6909\" data-element_type=\"widget\" data-e-type=\"widget\" data-no-translation=\"\" data-widget_type=\"heading.default\">\n\t\t\t\t\t<h3 class=\"elementor-heading-title elementor-size-default\">Reservaties voor het BANAD Festival 2026 zijn afgesloten. <\/h3>\t\t\t\t<\/div>\n\t\t\t\t<div class=\"elementor-element elementor-element-a8da953 elementor-widget__width-initial elementor-widget elementor-widget-heading\" data-id=\"a8da953\" data-element_type=\"widget\" data-e-type=\"widget\" data-no-translation=\"\" data-widget_type=\"heading.default\">\n\t\t\t\t\t<style>.elementor-element-a8da953{display:none !important}<\/style>\t\t\t\t<\/div>\n\t\t\t\t\t<\/div>\n\t\t\t\t<\/div>\n\t\t<div class=\"elementor-element elementor-element-a88a6e1 e-flex e-con-boxed e-con e-parent\" data-id=\"a88a6e1\" data-element_type=\"container\" data-e-type=\"container\" data-settings=\"{&quot;background_background&quot;:&quot;classic&quot;}\">\n\t\t\t\t\t<div class=\"e-con-inner\">\n\t\t\t\t<div class=\"elementor-element elementor-element-c75ea6c elementor-widget elementor-widget-spacer\" data-id=\"c75ea6c\" data-element_type=\"widget\" data-e-type=\"widget\" data-widget_type=\"spacer.default\">\n\t\t\t\t\t\t\t<div class=\"elementor-spacer\">\n\t\t\t<div class=\"elementor-spacer-inner\"><\/div>\n\t\t<\/div>\n\t\t\t\t\t\t<\/div>\n\t\t\t\t<div class=\"elementor-element elementor-element-0eae27d elementor-widget__width-initial elementor-widget elementor-widget-heading\" data-id=\"0eae27d\" data-element_type=\"widget\" data-e-type=\"widget\" data-no-translation=\"\" data-widget_type=\"heading.default\">\n\t\t\t\t\t<style>.elementor-element-0eae27d{display:none !important}<\/style>\t\t\t\t<\/div>\n\t\t\t\t<div class=\"elementor-element elementor-element-3ddb201 elementor-widget__width-initial elementor-widget elementor-widget-heading\" data-id=\"3ddb201\" data-element_type=\"widget\" data-e-type=\"widget\" data-no-translation=\"\" data-widget_type=\"heading.default\">\n\t\t\t\t\t<h3 class=\"elementor-heading-title elementor-size-default\">Tenzij er iemand afzegt, kunnen de plaatsen op de dag zelf ter plaatse worden gekocht voor \u20ac 13 per persoon<\/h3>\t\t\t\t<\/div>\n\t\t\t\t<div class=\"elementor-element elementor-element-2bf5ba0 elementor-widget__width-initial elementor-widget elementor-widget-heading\" data-id=\"2bf5ba0\" data-element_type=\"widget\" data-e-type=\"widget\" data-no-translation=\"\" data-widget_type=\"heading.default\">\n\t\t\t\t\t<style>.elementor-element-2bf5ba0{display:none !important}<\/style>\t\t\t\t<\/div>\n\t\t\t\t\t<\/div>\n\t\t\t\t<\/div>\n\t\t<div class=\"elementor-element elementor-element-e86071e e-grid e-con-boxed e-con e-parent\" data-id=\"e86071e\" data-element_type=\"container\" data-e-type=\"container\">\n\t\t\t\t\t<div class=\"e-con-inner\">\n\t\t<div class=\"elementor-element elementor-element-3100ef1 e-con-full e-flex e-con e-child\" data-id=\"3100ef1\" data-element_type=\"container\" data-e-type=\"container\">\n\t\t\t\t<div class=\"elementor-element elementor-element-23ea469 elementor-widget elementor-widget-image\" data-id=\"23ea469\" data-element_type=\"widget\" data-e-type=\"widget\" data-widget_type=\"image.default\">\n\t\t\t\t\t\t\t\t\t\t\t\t\t\t\t<img decoding=\"async\" width=\"400\" height=\"400\" src=\"https:\/\/booking.explore.brussels\/wp-content\/uploads\/2026\/01\/07-quaker-house-2015-eb-photographe-sophie-voituron.jpg\" class=\"attachment-large size-large wp-image-3830\" alt=\"\" srcset=\"https:\/\/booking.explore.brussels\/wp-content\/uploads\/2026\/01\/07-quaker-house-2015-eb-photographe-sophie-voituron.jpg 400w, https:\/\/booking.explore.brussels\/wp-content\/uploads\/2026\/01\/07-quaker-house-2015-eb-photographe-sophie-voituron-300x300.jpg 300w, https:\/\/booking.explore.brussels\/wp-content\/uploads\/2026\/01\/07-quaker-house-2015-eb-photographe-sophie-voituron-150x150.jpg 150w, https:\/\/booking.explore.brussels\/wp-content\/uploads\/2026\/01\/07-quaker-house-2015-eb-photographe-sophie-voituron-12x12.jpg 12w\" sizes=\"(max-width: 400px) 100vw, 400px\" title=\"\">\t\t\t\t\t\t\t\t\t\t\t\t\t\t\t<\/div>\n\t\t<div class=\"elementor-element elementor-element-505ea8d e-con-full e-flex e-con e-child\" data-id=\"505ea8d\" data-element_type=\"container\" data-e-type=\"container\" data-settings=\"{&quot;background_background&quot;:&quot;classic&quot;,&quot;position&quot;:&quot;absolute&quot;}\">\n\t\t\t\t<div class=\"elementor-element elementor-element-39e0b15 elementor-align-center elementor-widget elementor-widget-button\" data-id=\"39e0b15\" data-element_type=\"widget\" data-e-type=\"widget\" data-widget_type=\"button.default\">\n\t\t\t\t\t\t\t\t\t\t<a class=\"elementor-button elementor-button-link elementor-size-sm\" href=\"https:\/\/booking.explore.brussels\/nl\/afstanden-berekenen\/\">\n\t\t\t\t\t\t<span class=\"elementor-button-content-wrapper\">\n\t\t\t\t\t\t\t\t\t<span class=\"elementor-button-text\">Afstanden berekenen<\/span>\n\t\t\t\t\t<\/span>\n\t\t\t\t\t<\/a>\n\t\t\t\t\t\t\t\t<\/div>\n\t\t\t\t<div class=\"elementor-element elementor-element-69dde38 elementor-widget elementor-widget-spacer\" data-id=\"69dde38\" data-element_type=\"widget\" data-e-type=\"widget\" data-widget_type=\"spacer.default\">\n\t\t\t\t\t\t\t<div class=\"elementor-spacer\">\n\t\t\t<div class=\"elementor-spacer-inner\"><\/div>\n\t\t<\/div>\n\t\t\t\t\t\t<\/div>\n\t\t\t\t<div class=\"elementor-element elementor-element-0c85d3b elementor-widget elementor-widget-text-editor\" data-id=\"0c85d3b\" data-element_type=\"widget\" data-e-type=\"widget\" data-widget_type=\"text-editor.default\">\n\t\t\t\t\t\t\t\t\t<p>Plan je reis tussen twee van onze 63 locaties\u00a0<\/p>\t\t\t\t\t\t\t\t<\/div>\n\t\t\t\t<\/div>\n\t\t\t\t<\/div>\n\t\t<div class=\"elementor-element elementor-element-7c606c1 e-con-full e-flex e-con e-child\" data-id=\"7c606c1\" data-element_type=\"container\" data-e-type=\"container\">\n\t\t\t\t<div class=\"elementor-element elementor-element-a45d0cd elementor-widget elementor-widget-image\" data-id=\"a45d0cd\" data-element_type=\"widget\" data-e-type=\"widget\" data-widget_type=\"image.default\">\n\t\t\t\t\t\t\t\t\t\t\t\t\t\t\t<img loading=\"lazy\" decoding=\"async\" width=\"400\" height=\"400\" src=\"https:\/\/booking.explore.brussels\/wp-content\/uploads\/2026\/01\/ancien-groupe-scolaire-josaphat-ecole-communale-n1-eb-endre-sebok-1.jpg\" class=\"attachment-large size-large wp-image-3833\" alt=\"\" srcset=\"https:\/\/booking.explore.brussels\/wp-content\/uploads\/2026\/01\/ancien-groupe-scolaire-josaphat-ecole-communale-n1-eb-endre-sebok-1.jpg 400w, https:\/\/booking.explore.brussels\/wp-content\/uploads\/2026\/01\/ancien-groupe-scolaire-josaphat-ecole-communale-n1-eb-endre-sebok-1-300x300.jpg 300w, https:\/\/booking.explore.brussels\/wp-content\/uploads\/2026\/01\/ancien-groupe-scolaire-josaphat-ecole-communale-n1-eb-endre-sebok-1-150x150.jpg 150w, https:\/\/booking.explore.brussels\/wp-content\/uploads\/2026\/01\/ancien-groupe-scolaire-josaphat-ecole-communale-n1-eb-endre-sebok-1-12x12.jpg 12w\" sizes=\"(max-width: 400px) 100vw, 400px\" title=\"\">\t\t\t\t\t\t\t\t\t\t\t\t\t\t\t<\/div>\n\t\t<div class=\"elementor-element elementor-element-57f184e e-con-full e-flex e-con e-child\" data-id=\"57f184e\" data-element_type=\"container\" data-e-type=\"container\" data-settings=\"{&quot;background_background&quot;:&quot;classic&quot;,&quot;position&quot;:&quot;absolute&quot;}\">\n\t\t\t\t<div class=\"elementor-element elementor-element-75cfb91 elementor-align-center elementor-widget elementor-widget-button\" data-id=\"75cfb91\" data-element_type=\"widget\" data-e-type=\"widget\" data-widget_type=\"button.default\">\n\t\t\t\t\t\t\t\t\t\t<a class=\"elementor-button elementor-button-link elementor-size-sm\" href=\"https:\/\/booking.explore.brussels\/nl\/winkelen\/\">\n\t\t\t\t\t\t<span class=\"elementor-button-content-wrapper\">\n\t\t\t\t\t\t\t\t\t<span class=\"elementor-button-text\">Boek<\/span>\n\t\t\t\t\t<\/span>\n\t\t\t\t\t<\/a>\n\t\t\t\t\t\t\t\t<\/div>\n\t\t\t\t<div class=\"elementor-element elementor-element-ccf6df4 elementor-widget elementor-widget-spacer\" data-id=\"ccf6df4\" data-element_type=\"widget\" data-e-type=\"widget\" data-widget_type=\"spacer.default\">\n\t\t\t\t\t\t\t<div class=\"elementor-spacer\">\n\t\t\t<div class=\"elementor-spacer-inner\"><\/div>\n\t\t<\/div>\n\t\t\t\t\t\t<\/div>\n\t\t\t\t<div class=\"elementor-element elementor-element-640fc83 elementor-widget elementor-widget-text-editor\" data-id=\"640fc83\" data-element_type=\"widget\" data-e-type=\"widget\" data-widget_type=\"text-editor.default\">\n\t\t\t\t\t\t\t\t\t<p>Ga naar onze winkel om uw bezoeken te reserveren<\/p>\t\t\t\t\t\t\t\t<\/div>\n\t\t\t\t<\/div>\n\t\t\t\t<\/div>\n\t\t<div class=\"elementor-element elementor-element-e7865c6 e-con-full e-flex e-con e-child\" data-id=\"e7865c6\" data-element_type=\"container\" data-e-type=\"container\">\n\t\t\t\t<div class=\"elementor-element elementor-element-f05b6b1 elementor-widget elementor-widget-image\" data-id=\"f05b6b1\" data-element_type=\"widget\" data-e-type=\"widget\" data-widget_type=\"image.default\">\n\t\t\t\t\t\t\t\t\t\t\t\t\t\t\t<img loading=\"lazy\" decoding=\"async\" width=\"400\" height=\"400\" src=\"https:\/\/booking.explore.brussels\/wp-content\/uploads\/2026\/01\/09-maison-taelemans-eb-ph-endre-sebok.jpg\" class=\"attachment-large size-large wp-image-3831\" alt=\"\" srcset=\"https:\/\/booking.explore.brussels\/wp-content\/uploads\/2026\/01\/09-maison-taelemans-eb-ph-endre-sebok.jpg 400w, https:\/\/booking.explore.brussels\/wp-content\/uploads\/2026\/01\/09-maison-taelemans-eb-ph-endre-sebok-300x300.jpg 300w, https:\/\/booking.explore.brussels\/wp-content\/uploads\/2026\/01\/09-maison-taelemans-eb-ph-endre-sebok-150x150.jpg 150w, https:\/\/booking.explore.brussels\/wp-content\/uploads\/2026\/01\/09-maison-taelemans-eb-ph-endre-sebok-12x12.jpg 12w\" sizes=\"(max-width: 400px) 100vw, 400px\" title=\"\">\t\t\t\t\t\t\t\t\t\t\t\t\t\t\t<\/div>\n\t\t<div class=\"elementor-element elementor-element-b597499 e-con-full e-flex e-con e-child\" data-id=\"b597499\" data-element_type=\"container\" data-e-type=\"container\" data-settings=\"{&quot;background_background&quot;:&quot;classic&quot;,&quot;position&quot;:&quot;absolute&quot;}\">\n\t\t\t\t<div class=\"elementor-element elementor-element-3cb88a0 elementor-align-center elementor-widget elementor-widget-button\" data-id=\"3cb88a0\" data-element_type=\"widget\" data-e-type=\"widget\" data-widget_type=\"button.default\">\n\t\t\t\t\t\t\t\t\t\t<a class=\"elementor-button elementor-button-link elementor-size-sm\" href=\"https:\/\/booking.explore.brussels\/nl\/gebruiksaanwijzing\/\">\n\t\t\t\t\t\t<span class=\"elementor-button-content-wrapper\">\n\t\t\t\t\t\t\t\t\t<span class=\"elementor-button-text\">Gebruiksaanwijzingen<\/span>\n\t\t\t\t\t<\/span>\n\t\t\t\t\t<\/a>\n\t\t\t\t\t\t\t\t<\/div>\n\t\t\t\t<div class=\"elementor-element elementor-element-593815a elementor-widget elementor-widget-spacer\" data-id=\"593815a\" data-element_type=\"widget\" data-e-type=\"widget\" data-widget_type=\"spacer.default\">\n\t\t\t\t\t\t\t<div class=\"elementor-spacer\">\n\t\t\t<div class=\"elementor-spacer-inner\"><\/div>\n\t\t<\/div>\n\t\t\t\t\t\t<\/div>\n\t\t\t\t<div class=\"elementor-element elementor-element-2fc58c0 elementor-widget elementor-widget-text-editor\" data-id=\"2fc58c0\" data-element_type=\"widget\" data-e-type=\"widget\" data-widget_type=\"text-editor.default\">\n\t\t\t\t\t\t\t\t\t<p>Ontdek hoe je een bestelling plaatst<\/p>\t\t\t\t\t\t\t\t<\/div>\n\t\t\t\t<\/div>\n\t\t\t\t<\/div>\n\t\t<div class=\"elementor-element elementor-element-364d6ee e-con-full e-flex e-con e-child\" data-id=\"364d6ee\" data-element_type=\"container\" data-e-type=\"container\">\n\t\t\t\t<div class=\"elementor-element elementor-element-146f7b4 elementor-widget elementor-widget-image\" data-id=\"146f7b4\" data-element_type=\"widget\" data-e-type=\"widget\" data-widget_type=\"image.default\">\n\t\t\t\t\t\t\t\t\t\t\t\t\t\t\t<img loading=\"lazy\" decoding=\"async\" width=\"400\" height=\"400\" src=\"https:\/\/booking.explore.brussels\/wp-content\/uploads\/2026\/01\/60-Hotel-Cohn-Donnay-2015-\u00a9EB-ph.-Sophie-Voituron.jpg\" class=\"attachment-large size-large wp-image-3832\" alt=\"\" srcset=\"https:\/\/booking.explore.brussels\/wp-content\/uploads\/2026\/01\/60-Hotel-Cohn-Donnay-2015-\u00a9EB-ph.-Sophie-Voituron.jpg 400w, https:\/\/booking.explore.brussels\/wp-content\/uploads\/2026\/01\/60-Hotel-Cohn-Donnay-2015-\u00a9EB-ph.-Sophie-Voituron-300x300.jpg 300w, https:\/\/booking.explore.brussels\/wp-content\/uploads\/2026\/01\/60-Hotel-Cohn-Donnay-2015-\u00a9EB-ph.-Sophie-Voituron-150x150.jpg 150w\" sizes=\"(max-width: 400px) 100vw, 400px\" title=\"\">\t\t\t\t\t\t\t\t\t\t\t\t\t\t\t<\/div>\n\t\t<div class=\"elementor-element elementor-element-305b8dc e-con-full e-flex e-con e-child\" data-id=\"305b8dc\" data-element_type=\"container\" data-e-type=\"container\" data-settings=\"{&quot;background_background&quot;:&quot;classic&quot;,&quot;position&quot;:&quot;absolute&quot;}\">\n\t\t\t\t<div class=\"elementor-element elementor-element-17327a2 elementor-align-center elementor-widget elementor-widget-button\" data-id=\"17327a2\" data-element_type=\"widget\" data-e-type=\"widget\" data-widget_type=\"button.default\">\n\t\t\t\t\t\t\t\t\t\t<a class=\"elementor-button elementor-button-link elementor-size-sm\" href=\"https:\/\/www.banad.brussels\/visites-individuelles\/\" target=\"_blank\" rel=\"noopener\">\n\t\t\t\t\t\t<span class=\"elementor-button-content-wrapper\">\n\t\t\t\t\t\t\t\t\t<span class=\"elementor-button-text\">Ontdek de omgeving<\/span>\n\t\t\t\t\t<\/span>\n\t\t\t\t\t<\/a>\n\t\t\t\t\t\t\t\t<\/div>\n\t\t\t\t<div class=\"elementor-element elementor-element-afacbcf elementor-widget elementor-widget-spacer\" data-id=\"afacbcf\" data-element_type=\"widget\" data-e-type=\"widget\" data-widget_type=\"spacer.default\">\n\t\t\t\t\t\t\t<div class=\"elementor-spacer\">\n\t\t\t<div class=\"elementor-spacer-inner\"><\/div>\n\t\t<\/div>\n\t\t\t\t\t\t<\/div>\n\t\t\t\t<div class=\"elementor-element elementor-element-aefd480 elementor-widget elementor-widget-text-editor\" data-id=\"aefd480\" data-element_type=\"widget\" data-e-type=\"widget\" data-widget_type=\"text-editor.default\">\n\t\t\t\t\t\t\t\t\t<p>Ontdek alle locaties voordat je boekt<\/p>\t\t\t\t\t\t\t\t<\/div>\n\t\t\t\t<\/div>\n\t\t\t\t<\/div>\n\t\t\t\t\t<\/div>\n\t\t\t\t<\/div>\n\t\t<div class=\"elementor-element elementor-element-98005a0 e-flex e-con-boxed e-con e-parent\" data-id=\"98005a0\" data-element_type=\"container\" data-e-type=\"container\">\n\t\t\t\t\t<div class=\"e-con-inner\">\n\t\t<div class=\"elementor-element elementor-element-79ee9b0 e-con-full e-flex e-con e-child\" data-id=\"79ee9b0\" data-element_type=\"container\" data-e-type=\"container\">\n\t\t\t\t<div class=\"elementor-element elementor-element-02b5349 elementor-widget elementor-widget-heading\" data-id=\"02b5349\" data-element_type=\"widget\" data-e-type=\"widget\" data-widget_type=\"heading.default\">\n\t\t\t\t\t<h3 class=\"elementor-heading-title elementor-size-default\">Brussel Art Nouveau Art Deco Festival 2026<\/h3>\t\t\t\t<\/div>\n\t\t\t\t<div class=\"elementor-element elementor-element-a5a03d1 elementor-widget elementor-widget-text-editor\" data-id=\"a5a03d1\" data-element_type=\"widget\" data-e-type=\"widget\" data-widget_type=\"text-editor.default\">\n\t\t\t\t\t\t\t\t\t<p>De tiende editie van het Brussels Art Nouveau Art Deco Festival vindt plaats tijdens drie weekends, van 14 tot 29 maart 2026. Het BANAD Festival is een uitnodiging om opmerkelijke plaatsen te ontdekken die de Art Nouveau en Art Deco architectuur van het Brusselse Gewest onthullen.<\/p><p>Op het programma: bezoeken aan een zestigtal interieurs die gewoonlijk gesloten zijn voor het publiek (sommige voor de allereerste keer toegankelijk), meer dan vijftig thematische rondleidingen die te voet of met de fiets gevolgd kunnen worden, originele lezingen, activiteiten voor iedereen en voor het hele gezin, en last but not least de beroemde Objectenbeurs en de Salon des restaurateurs &amp; experts.<\/p>\t\t\t\t\t\t\t\t<\/div>\n\t\t\t\t<\/div>\n\t\t<div class=\"elementor-element elementor-element-d8c276a e-con-full e-flex e-con e-child\" data-id=\"d8c276a\" data-element_type=\"container\" data-e-type=\"container\">\n\t\t\t\t<div class=\"elementor-element elementor-element-859ce58 elementor-widget elementor-widget-image\" data-id=\"859ce58\" data-element_type=\"widget\" data-e-type=\"widget\" data-widget_type=\"image.default\">\n\t\t\t\t\t\t\t\t\t\t\t\t\t\t\t<img loading=\"lazy\" decoding=\"async\" width=\"1000\" height=\"1000\" src=\"https:\/\/booking.explore.brussels\/wp-content\/uploads\/2026\/01\/hotel-waxweiler-endre-sebok-2.jpg\" class=\"attachment-full size-full wp-image-3834\" alt=\"\" srcset=\"https:\/\/booking.explore.brussels\/wp-content\/uploads\/2026\/01\/hotel-waxweiler-endre-sebok-2.jpg 1000w, https:\/\/booking.explore.brussels\/wp-content\/uploads\/2026\/01\/hotel-waxweiler-endre-sebok-2-300x300.jpg 300w, https:\/\/booking.explore.brussels\/wp-content\/uploads\/2026\/01\/hotel-waxweiler-endre-sebok-2-150x150.jpg 150w, https:\/\/booking.explore.brussels\/wp-content\/uploads\/2026\/01\/hotel-waxweiler-endre-sebok-2-768x768.jpg 768w, https:\/\/booking.explore.brussels\/wp-content\/uploads\/2026\/01\/hotel-waxweiler-endre-sebok-2-12x12.jpg 12w, https:\/\/booking.explore.brussels\/wp-content\/uploads\/2026\/01\/hotel-waxweiler-endre-sebok-2-500x500.jpg 500w, https:\/\/booking.explore.brussels\/wp-content\/uploads\/2026\/01\/hotel-waxweiler-endre-sebok-2-800x800.jpg 800w\" sizes=\"(max-width: 1000px) 100vw, 1000px\" title=\"\">\t\t\t\t\t\t\t\t\t\t\t\t\t\t\t<\/div>\n\t\t\t\t<\/div>\n\t\t\t\t\t<\/div>\n\t\t\t\t<\/div>\n\t\t\t\t<\/div>","protected":false},"excerpt":{"rendered":"<p>Bienvenue sur le site de r\u00e9servation d&rsquo;Explore Brussels Plus d&rsquo;infos Le lien ci-dessus indique les cr\u00e9neaux avec des places disponibles Plus d&rsquo;infos Le lien ci-dessus recense les places disponibles des 2e et 3e week-ends Les r\u00e9servations pour les BANAD Festival 2026 sont cl\u00f4tur\u00e9es. Sous r\u00e9serve d&rsquo;un d\u00e9sistement, les places peuvent \u00eatre achet\u00e9es sur place le [&hellip;]<\/p>\n","protected":false},"author":1,"featured_media":0,"parent":0,"menu_order":0,"comment_status":"closed","ping_status":"closed","template":"","meta":{"_analytify_skip_tracking":false,"footnotes":""},"class_list":["post-931","page","type-page","status-publish","hentry"],"blocksy_meta":{"has_hero_section":"disabled","vertical_spacing_source":"custom","content_area_spacing":"none","styles_descriptor":{"styles":{"desktop":"","tablet":"","mobile":""},"google_fonts":[],"version":6}},"_links":{"self":[{"href":"https:\/\/booking.explore.brussels\/nl\/wp-json\/wp\/v2\/pages\/931","targetHints":{"allow":["GET"]}}],"collection":[{"href":"https:\/\/booking.explore.brussels\/nl\/wp-json\/wp\/v2\/pages"}],"about":[{"href":"https:\/\/booking.explore.brussels\/nl\/wp-json\/wp\/v2\/types\/page"}],"author":[{"embeddable":true,"href":"https:\/\/booking.explore.brussels\/nl\/wp-json\/wp\/v2\/users\/1"}],"replies":[{"embeddable":true,"href":"https:\/\/booking.explore.brussels\/nl\/wp-json\/wp\/v2\/comments?post=931"}],"version-history":[{"count":239,"href":"https:\/\/booking.explore.brussels\/nl\/wp-json\/wp\/v2\/pages\/931\/revisions"}],"predecessor-version":[{"id":12082,"href":"https:\/\/booking.explore.brussels\/nl\/wp-json\/wp\/v2\/pages\/931\/revisions\/12082"}],"wp:attachment":[{"href":"https:\/\/booking.explore.brussels\/nl\/wp-json\/wp\/v2\/media?parent=931"}],"curies":[{"name":"wp","href":"https:\/\/api.w.org\/{rel}","templated":true}]}}